{"id":109,"date":"2023-08-24T14:56:30","date_gmt":"2023-08-24T12:56:30","guid":{"rendered":"http:\/\/solutionsdorthographe.com\/?page_id=109"},"modified":"2023-10-07T09:21:44","modified_gmt":"2023-10-07T07:21:44","slug":"la-politique-de-confidentialite","status":"publish","type":"page","link":"https:\/\/solutionsdorthographe.com\/index.php\/la-politique-de-confidentialite\/","title":{"rendered":"la politique de confidentialit\u00e9"},"content":{"rendered":"<p>[et_pb_section fb_built=\u00a0\u00bb1&Prime; _builder_version=\u00a0\u00bb4.22.1&Prime; _module_preset=\u00a0\u00bbdefault\u00a0\u00bb global_colors_info=\u00a0\u00bb{}\u00a0\u00bb][et_pb_row _builder_version=\u00a0\u00bb4.22.1&Prime; _module_preset=\u00a0\u00bbdefault\u00a0\u00bb custom_padding=\u00a0\u00bb11px|||||\u00a0\u00bb global_colors_info=\u00a0\u00bb{}\u00a0\u00bb][et_pb_column type=\u00a0\u00bb4_4&Prime; _builder_version=\u00a0\u00bb4.22.1&Prime; _module_preset=\u00a0\u00bbdefault\u00a0\u00bb global_colors_info=\u00a0\u00bb{}\u00a0\u00bb][et_pb_text _builder_version=\u00a0\u00bb4.22.1&Prime; _module_preset=\u00a0\u00bbdefault\u00a0\u00bb global_colors_info=\u00a0\u00bb{}\u00a0\u00bb]<\/p>\n<p><strong>Politique de confidentialit\u00e9 de Solutions d&rsquo;orthographe<\/strong><\/p>\n<p>La pr\u00e9sente politique de confidentialit\u00e9 d\u00e9crit la fa\u00e7on dont vos informations personnelles sont recueillies, utilis\u00e9es et partag\u00e9es lorsque vous vous rendez sur http:\/\/solutionsdorthographe.com\/ (le site) ou que vous y effectuez un achat.<\/p>\n<p>INFORMATIONS PERSONNELLES RECUEILLIES<\/p>\n<p>Lorsque vous vous rendez sur le site, nous recueillons automatiquement certaines informations concernant votre appareil, notamment des informations sur votre navigateur web, votre adresse IP, votre fuseau horaire et certains des cookies qui sont install\u00e9s sur votre appareil. En outre, lorsque vous parcourez le site, nous recueillons des informations sur les pages web ou produits individuels que vous consultez, les sites web ou les termes de recherche qui vous ont permis d&rsquo;arriver sur le site, ainsi que des informations sur la mani\u00e8re dont vous interagissez avec le site. Nous d\u00e9signons ces informations collect\u00e9es automatiquement sous l&rsquo;appellation \u00ab Informations sur l&rsquo;appareil \u00bb.<\/p>\n<p>COMMENT UTILISONS-NOUS VOS INFORMATIONS PERSONNELLES\u00a0?<\/p>\n<p>En r\u00e8gle g\u00e9n\u00e9rale, nous utilisons les Informations sur la commande que nous recueillons pour traiter toute commande pass\u00e9e par le biais du site (y compris pour traiter vos informations de paiement, organiser l&rsquo;exp\u00e9dition de votre commande et vous fournir des factures et\/ou des confirmations de commande). En outre, nous utilisons ces Informations sur la commande pour communiquer avec vous.<\/p>\n<p>PARTAGE DE VOS INFORMATIONS PERSONNELLES<\/p>\n<p>Enfin, il se peut que nous partagions aussi vos Informations personnelles pour respecter les lois et r\u00e9glementations applicables, r\u00e9pondre \u00e0 une assignation, \u00e0 un mandat de perquisition ou \u00e0 toute autre demande l\u00e9gale de renseignements que nous recevons, ou pour prot\u00e9ger nos droits.<\/p>\n<p>VOS DROITS<br \/>Si vous \u00eates r\u00e9sident(e) europ\u00e9en(ne), vous disposez d&rsquo;un droit d&rsquo;acc\u00e8s aux informations personnelles que nous d\u00e9tenons \u00e0 votre sujet et vous pouvez demander \u00e0 ce qu&rsquo;elles soient corrig\u00e9es, mises \u00e0 jour ou supprim\u00e9es. Si vous souhaitez exercer ce droit, veuillez nous contacter au moyen des coordonn\u00e9es pr\u00e9cis\u00e9es ci-dessous.<br \/>Par ailleurs, si vous \u00eates r\u00e9sident(e) europ\u00e9en(ne), notez que nous traitons vos informations dans le but de remplir nos obligations contractuelles \u00e0 votre \u00e9gard (par exemple si vous passez une commande sur le site) ou de poursuivre nos int\u00e9r\u00eats commerciaux l\u00e9gitimes, \u00e9num\u00e9r\u00e9s ci-dessus. Veuillez \u00e9galement noter que vos informations seront transf\u00e9r\u00e9es hors de l&rsquo;Europe, y compris au Canada et aux \u00c9tats-Unis.<\/p>\n<p>R\u00c9TENTION DES DONN\u00c9ES<br \/>Lorsque vous passez une commande par l&rsquo;interm\u00e9diaire du site, nous conservons les Informations sur votre commande dans nos dossiers, sauf si et jusqu&rsquo;\u00e0 ce que vous nous demandiez de les supprimer.<\/p>\n<p>CHANGEMENTS<br \/>Nous pouvons \u00eatre amen\u00e9s \u00e0 modifier la pr\u00e9sente politique de confidentialit\u00e9 de temps \u00e0 autre afin d&rsquo;y refl\u00e9ter, par exemple, les changements apport\u00e9s \u00e0 nos pratiques ou pour d&rsquo;autres motifs op\u00e9rationnels, juridiques ou r\u00e9glementaires.<\/p>\n<p>NOUS CONTACTER<br \/>Pour en savoir plus sur nos pratiques de confidentialit\u00e9, si vous avez des questions ou si vous souhaitez d\u00e9poser une r\u00e9clamation, veuillez nous contacter par e-mail \u00e0 isabelle.meynial29@gmail.com ou par courrier \u00e0 l&rsquo;adresse suivante : 18 rue Puebla, Brest, 29200, France<\/p>\n<p>[\/et_pb_text][\/et_pb_column][\/et_pb_row][\/et_pb_section]<\/p>\n","protected":false},"excerpt":{"rendered":"<p>Politique de confidentialit\u00e9 de Solutions d&rsquo;orthographe La pr\u00e9sente politique de confidentialit\u00e9 d\u00e9crit la fa\u00e7on dont vos informations personnelles sont recueillies, utilis\u00e9es et partag\u00e9es lorsque vous vous rendez sur http:\/\/solutionsdorthographe.com\/ (le site) ou que vous y effectuez un achat. INFORMATIONS PERSONNELLES RECUEILLIES Lorsque vous vous rendez sur le site, nous recueillons automatiquement certaines informations concernant votre [&hellip;]<\/p>\n","protected":false},"author":2,"featured_media":0,"parent":0,"menu_order":0,"comment_status":"closed","ping_status":"closed","template":"","meta":{"_et_pb_use_builder":"on","_et_pb_old_content":"","_et_gb_content_width":"","footnotes":""},"class_list":["post-109","page","type-page","status-publish","hentry"],"_links":{"self":[{"href":"https:\/\/solutionsdorthographe.com\/index.php\/wp-json\/wp\/v2\/pages\/109","targetHints":{"allow":["GET"]}}],"collection":[{"href":"https:\/\/solutionsdorthographe.com\/index.php\/wp-json\/wp\/v2\/pages"}],"about":[{"href":"https:\/\/solutionsdorthographe.com\/index.php\/wp-json\/wp\/v2\/types\/page"}],"author":[{"embeddable":true,"href":"https:\/\/solutionsdorthographe.com\/index.php\/wp-json\/wp\/v2\/users\/2"}],"replies":[{"embeddable":true,"href":"https:\/\/solutionsdorthographe.com\/index.php\/wp-json\/wp\/v2\/comments?post=109"}],"version-history":[{"count":10,"href":"https:\/\/solutionsdorthographe.com\/index.php\/wp-json\/wp\/v2\/pages\/109\/revisions"}],"predecessor-version":[{"id":323,"href":"https:\/\/solutionsdorthographe.com\/index.php\/wp-json\/wp\/v2\/pages\/109\/revisions\/323"}],"wp:attachment":[{"href":"https:\/\/solutionsdorthographe.com\/index.php\/wp-json\/wp\/v2\/media?parent=109"}],"curies":[{"name":"wp","href":"https:\/\/api.w.org\/{rel}","templated":true}]}}